{"id":1154,"date":"2021-06-04T14:47:54","date_gmt":"2021-06-04T12:47:54","guid":{"rendered":"http:\/\/biodiversite-amazonienne.org\/?page_id=1154"},"modified":"2023-06-23T17:25:19","modified_gmt":"2023-06-23T15:25:19","slug":"investigacion-cientifica","status":"publish","type":"page","link":"https:\/\/biodiversite-amazonienne.org\/index.php\/es\/investigacion-cientifica\/","title":{"rendered":"Investigaci\u00f3n cient\u00edfica"},"content":{"rendered":"\n<p><strong>2023<\/strong><\/p>\n\n\n\n<p>Con sus 40.000 hect\u00e1reas y 7 tipos diferentes de bosque, el CCYM cuenta con una de las biodiversidades m\u00e1s ricas de la selva amaz\u00f3nica. Desde su creaci\u00f3n en 2006, se ha observado en \u00e9l un gran n\u00famero de especies animales y vegetales en peligro de extinci\u00f3n, que han sido incluidas en la lista roja de la UICN. Esta biodiversidad, que hasta ahora se observaba a simple vista, puede ahora catalogarse con mayor precisi\u00f3n con la ayuda de nuestro socio, el <a rel=\"noreferrer noopener\" href=\"https:\/\/www.spygen.com\/\" target=\"_blank\">laboratorio SPYGEN<\/a>.<\/p>\n\n\n\n<figure class=\"wp-block-gallery columns-2 is-cropped\"><ul class=\"blocks-gallery-grid\"><li class=\"blocks-gallery-item\"><figure><img loading=\"lazy\" width=\"1024\" height=\"683\" src=\"http:\/\/biodiversite-amazonienne.org\/wp-content\/uploads\/2023\/05\/IMG_8862-1024x683.jpg\" alt=\"\" data-id=\"1619\" data-full-url=\"http:\/\/biodiversite-amazonienne.org\/wp-content\/uploads\/2023\/05\/IMG_8862-scaled-e1683830623913.jpg\" data-link=\"https:\/\/biodiversite-amazonienne.org\/index.php\/recherche-scientifique\/img_8862\/\" class=\"wp-image-1619\"\/><figcaption class=\"blocks-gallery-item__caption\"><em><em>Saimiri macrodon<\/em><\/em><\/figcaption><\/figure><\/li><li class=\"blocks-gallery-item\"><figure><img loading=\"lazy\" width=\"1024\" height=\"512\" src=\"http:\/\/biodiversite-amazonienne.org\/wp-content\/uploads\/2023\/04\/CCYM-Jules-y-Milenka-muestrando-en-el-rio_spygen_2023-1024x512.jpg\" alt=\"\" data-id=\"1597\" data-full-url=\"http:\/\/biodiversite-amazonienne.org\/wp-content\/uploads\/2023\/04\/CCYM-Jules-y-Milenka-muestrando-en-el-rio_spygen_2023.jpg\" data-link=\"https:\/\/biodiversite-amazonienne.org\/ccym-jules-y-milenka-muestrando-en-el-rio_spygen_2023\/\" class=\"wp-image-1597\" srcset=\"https:\/\/biodiversite-amazonienne.org\/wp-content\/uploads\/2023\/04\/CCYM-Jules-y-Milenka-muestrando-en-el-rio_spygen_2023-1024x512.jpg 1024w, https:\/\/biodiversite-amazonienne.org\/wp-content\/uploads\/2023\/04\/CCYM-Jules-y-Milenka-muestrando-en-el-rio_spygen_2023-300x150.jpg 300w, https:\/\/biodiversite-amazonienne.org\/wp-content\/uploads\/2023\/04\/CCYM-Jules-y-Milenka-muestrando-en-el-rio_spygen_2023-768x384.jpg 768w, https:\/\/biodiversite-amazonienne.org\/wp-content\/uploads\/2023\/04\/CCYM-Jules-y-Milenka-muestrando-en-el-rio_spygen_2023.jpg 1200w\" sizes=\"(max-width: 767px) 89vw, (max-width: 1000px) 54vw, (max-width: 1071px) 543px, 580px\" \/><figcaption class=\"blocks-gallery-item__caption\">Jules (volontaire) et Milenka (Envol Vert) durant la mission Spygen<\/figcaption><\/figure><\/li><\/ul><figcaption class=\"blocks-gallery-caption\">Photos prises en mars 2023. \u00a9Jules Meunier \/ \u00a9Lotty Morrey<\/figcaption><\/figure>\n\n\n\n<p>En colaboraci\u00f3n con esta empresa francesa y la ONG <a href=\"https:\/\/envol-vert.org\/\" target=\"_blank\" rel=\"noreferrer noopener\">Envol Vert<\/a>, llevamos a cabo una expedici\u00f3n cient\u00edfica en la concesi\u00f3n para muestrear 12 puntos de agua como r\u00edos, lagunas y diferentes tipos de turberas. Mediante este trabajo de colaboraci\u00f3n, esperamos mejorar nuestro conocimiento de las especies que viven en la concesi\u00f3n y as\u00ed poner en marcha medidas de protecci\u00f3n para las m\u00e1s vulnerables.<\/p>\n\n\n\n<p><strong>2019<\/strong><\/p>\n\n\n\n<div class=\"wp-block-image\"><figure class=\"alignleft\"><img loading=\"lazy\" width=\"300\" height=\"201\" src=\"http:\/\/biodiversite-amazonienne.org\/wp-content\/uploads\/2021\/07\/Garde-forestier-300x201.jpg\" alt=\"\" class=\"wp-image-1346\" srcset=\"https:\/\/biodiversite-amazonienne.org\/wp-content\/uploads\/2021\/07\/Garde-forestier-300x201.jpg 300w, https:\/\/biodiversite-amazonienne.org\/wp-content\/uploads\/2021\/07\/Garde-forestier-1024x685.jpg 1024w, https:\/\/biodiversite-amazonienne.org\/wp-content\/uploads\/2021\/07\/Garde-forestier-768x514.jpg 768w, https:\/\/biodiversite-amazonienne.org\/wp-content\/uploads\/2021\/07\/Garde-forestier-1536x1028.jpg 1536w, https:\/\/biodiversite-amazonienne.org\/wp-content\/uploads\/2021\/07\/Garde-forestier-2048x1371.jpg 2048w\" sizes=\"(max-width: 300px) 100vw, 300px\" \/><\/figure><\/div>\n\n\n\n<p>En 2019, un grupo de trabajo de la Universidad Estatal de Arizona (ASU), en colaboraci\u00f3n con la Universidad de la Amazonia Peruana (UNAP), realiz\u00f3 un estudio de la turba Yanayacu-Maquia. Aunque el estudio debe continuar, se han encontrado resultados prometedores en la medici\u00f3n de los \u00edndices y ciclos de emisi\u00f3n de GEI de las turberas.<\/p>\n\n\n\n<p><\/p>\n\n\n\n<p><strong>En 2008<\/strong>, Biodiversit\u00e9 Amazonienne realiz\u00f3 un estudio de las especies que viven en la concesi\u00f3n. Uno de los objetivos era concienciar a los m\u00e1s j\u00f3venes que viven cerca de la zona sobre la importancia de proteger las aves y los bosques que habitan. Hemos identificado m\u00e1s de 100 especies, la mayor\u00eda de las cuales no se hab\u00edan encontrado en censos anteriores.<\/p>\n\n\n\n<div class=\"wp-block-image\"><figure class=\"aligncenter\"><img loading=\"lazy\" width=\"300\" height=\"168\" src=\"http:\/\/biodiversite-amazonienne.org\/wp-content\/uploads\/2021\/07\/Ara-ararauna-300x168.jpg\" alt=\"\" class=\"wp-image-1347\" srcset=\"https:\/\/biodiversite-amazonienne.org\/wp-content\/uploads\/2021\/07\/Ara-ararauna-300x168.jpg 300w, https:\/\/biodiversite-amazonienne.org\/wp-content\/uploads\/2021\/07\/Ara-ararauna-1024x575.jpg 1024w, https:\/\/biodiversite-amazonienne.org\/wp-content\/uploads\/2021\/07\/Ara-ararauna-768x431.jpg 768w, https:\/\/biodiversite-amazonienne.org\/wp-content\/uploads\/2021\/07\/Ara-ararauna-1536x862.jpg 1536w, https:\/\/biodiversite-amazonienne.org\/wp-content\/uploads\/2021\/07\/Ara-ararauna-2048x1150.jpg 2048w\" sizes=\"(max-width: 300px) 100vw, 300px\" \/><figcaption>El guacamayo azul (Ara arauna) entre amigos.<\/figcaption><\/figure><\/div>\n\n\n\n<div class=\"wp-block-image\"><figure class=\"aligncenter\"><img loading=\"lazy\" width=\"300\" height=\"219\" src=\"http:\/\/biodiversite-amazonienne.org\/wp-content\/uploads\/2021\/04\/Aninga-300x219.jpg\" alt=\"\" class=\"wp-image-907\" srcset=\"https:\/\/biodiversite-amazonienne.org\/wp-content\/uploads\/2021\/04\/Aninga-300x219.jpg 300w, https:\/\/biodiversite-amazonienne.org\/wp-content\/uploads\/2021\/04\/Aninga.jpg 473w\" sizes=\"(max-width: 300px) 100vw, 300px\" \/><figcaption>El Aninga (Anhiga anhingo) listo para despegar<\/figcaption><\/figure><\/div>\n\n\n\n<p><em>Turberas especialmente bien conservadas<\/em><\/p>\n\n\n\n<p>Desde 2007, la Concesi\u00f3n para la Conservaci\u00f3n de la Maquia Yanayacu, con el apoyo de la Universidad de Arizona y de Iquitos, realiza estudios de valorizaci\u00f3n y reconocimiento de algunas de las turberas mejor conservadas del mundo.<\/p>\n\n\n\n<div class=\"wp-block-image\"><figure class=\"alignleft\"><img src=\"http:\/\/biodiversite-amazonienne.org\/wp-content\/uploads\/2021\/06\/image-1.png\" alt=\"L\u2019attribut alt de cette image est vide, son nom de fichier est image-1.png.\"\/><\/figure><\/div>\n\n\n\n<p>Una turbera es un humedal colonizado por vegetaci\u00f3n, cuyas condiciones ecol\u00f3gicas particulares han permitido la formaci\u00f3n de un dep\u00f3sito de turba, una materia org\u00e1nica f\u00f3sil formada por la acumulaci\u00f3n de restos vegetales. Una turbera funcional es, por tanto, un ecosistema que tiene la capacidad de acumular carbono, regular los flujos de agua, sustentar una gran variedad de h\u00e1bitats y especies, y contarnos el pasado a trav\u00e9s del estudio del material acumulado durante miles de a\u00f1os en sus capas de suelo. Se calcula que s\u00f3lo las turberas contienen aproximadamente un tercio de todo el carbono del suelo del mundo. Y las turberas \u00ab\u00a0tropicales\u00a0\u00bb almacenan el doble de carbono que todos los bosques del mundo. A escala regional, las turberas afectan a la hidrolog\u00eda de las tierras bajas del Amazonas, ya que almacenan mucha agua y, por tanto, mitigan las inundaciones y pueden funcionar como fuentes de agua para la regi\u00f3n circundante. A escala mundial, desempe\u00f1an un importante papel en el ciclo global del carbono y en la mitigaci\u00f3n del cambio clim\u00e1tico. La turbera de la Concesi\u00f3n, con una superficie estimada de 7.000 ha (el 15% de la superficie total), desempe\u00f1a por tanto un papel vital para la zona.<\/p>\n\n\n\n<figure class=\"wp-block-embed is-type-video is-provider-youtube wp-block-embed-youtube wp-embed-aspect-16-9 wp-has-aspect-ratio\"><div class=\"wp-block-embed__wrapper\">\n<iframe loading=\"lazy\" title=\"Reserva Yanacu Maquia: Turbera y importancia de su proteccion al nivel mundial\" width=\"525\" height=\"295\" src=\"https:\/\/www.youtube.com\/embed\/AgJk4be9NQE?feature=oembed\" frameborder=\"0\" allow=\"accelerometer; autoplay; clipboard-write; encrypted-media; gyroscope; picture-in-picture; web-share\" allowfullscreen><\/iframe>\n<\/div><\/figure>\n\n\n\n<figure class=\"wp-block-embed is-type-video is-provider-youtube wp-block-embed-youtube wp-embed-aspect-16-9 wp-has-aspect-ratio\"><div class=\"wp-block-embed__wrapper\">\n<iframe loading=\"lazy\" title=\"Concession de  conservation Yanayacu Maquia : Aportes universitarios en la proteccion de la turbera\" width=\"525\" height=\"295\" src=\"https:\/\/www.youtube.com\/embed\/ES8tRuaoIwI?feature=oembed\" frameborder=\"0\" allow=\"accelerometer; autoplay; clipboard-write; encrypted-media; gyroscope; picture-in-picture; web-share\" allowfullscreen><\/iframe>\n<\/div><\/figure>\n\n\n\n<p><figure class=\"wp-block-embed is-type-video is-provider-youtube wp-block-embed-youtube wp-embed-aspect-16-9 wp-has-aspect-ratio\"><\/p>\n\n\n\n<p><\/p>\n","protected":false},"excerpt":{"rendered":"<p>2023 Con sus 40.000 hect\u00e1reas y 7 tipos diferentes de bosque, el CCYM cuenta con una de las biodiversidades m\u00e1s ricas de la selva amaz\u00f3nica. Desde su creaci\u00f3n en 2006, se ha observado en \u00e9l un gran n\u00famero de especies animales y vegetales en peligro de extinci\u00f3n, que han sido incluidas en la lista roja &hellip; <\/p>\n<p class=\"link-more\"><a href=\"https:\/\/biodiversite-amazonienne.org\/index.php\/es\/investigacion-cientifica\/\" class=\"more-link\">Continuer la lecture<span class=\"screen-reader-text\"> de &laquo;&nbsp;Investigaci\u00f3n cient\u00edfica&nbsp;&raquo;<\/span><\/a><\/p>\n","protected":false},"author":1,"featured_media":559,"parent":0,"menu_order":0,"comment_status":"closed","ping_status":"closed","template":"","meta":[],"_links":{"self":[{"href":"https:\/\/biodiversite-amazonienne.org\/index.php\/wp-json\/wp\/v2\/pages\/1154"}],"collection":[{"href":"https:\/\/biodiversite-amazonienne.org\/index.php\/wp-json\/wp\/v2\/pages"}],"about":[{"href":"https:\/\/biodiversite-amazonienne.org\/index.php\/wp-json\/wp\/v2\/types\/page"}],"author":[{"embeddable":true,"href":"https:\/\/biodiversite-amazonienne.org\/index.php\/wp-json\/wp\/v2\/users\/1"}],"replies":[{"embeddable":true,"href":"https:\/\/biodiversite-amazonienne.org\/index.php\/wp-json\/wp\/v2\/comments?post=1154"}],"version-history":[{"count":5,"href":"https:\/\/biodiversite-amazonienne.org\/index.php\/wp-json\/wp\/v2\/pages\/1154\/revisions"}],"predecessor-version":[{"id":1657,"href":"https:\/\/biodiversite-amazonienne.org\/index.php\/wp-json\/wp\/v2\/pages\/1154\/revisions\/1657"}],"wp:featuredmedia":[{"embeddable":true,"href":"https:\/\/biodiversite-amazonienne.org\/index.php\/wp-json\/wp\/v2\/media\/559"}],"wp:attachment":[{"href":"https:\/\/biodiversite-amazonienne.org\/index.php\/wp-json\/wp\/v2\/media?parent=1154"}],"curies":[{"name":"wp","href":"https:\/\/api.w.org\/{rel}","templated":true}]}}